{"id":7039,"date":"2020-06-24T11:18:06","date_gmt":"2020-06-24T09:18:06","guid":{"rendered":"https:\/\/equilli.com\/?page_id=7039"},"modified":"2022-10-24T10:34:43","modified_gmt":"2022-10-24T08:34:43","slug":"matelas","status":"publish","type":"page","link":"https:\/\/equilli.com\/fr\/materiaux-design\/matelas\/","title":{"rendered":"Matelas"},"content":{"rendered":"<div class=\"wpb-content-wrapper\"><p>[vc_row full_width=\u00a0\u00bbstretch_row\u00a0\u00bb bg_type=\u00a0\u00bbimage\u00a0\u00bb bg_override=\u00a0\u00bbfull\u00a0\u00bb css=\u00a0\u00bb.vc_custom_1532950144225{background-image: url(https:\/\/equilli.com\/wp-content\/uploads\/2018\/07\/Matrassen_web4.jpg?id=4576) !important;background-position: 0 0 !important;background-repeat: no-repeat !important;}\u00a0\u00bb el_class=\u00a0\u00bbbg_intro\u00a0\u00bb][vc_column width=\u00a0\u00bb2\/3&Prime; el_class=\u00a0\u00bboverons_intro_content overons_intro_content_matras\u00a0\u00bb][\/vc_column][vc_column width=\u00a0\u00bb1\/3&Prime; el_class=\u00a0\u00bboverons_intro_content overons_intro_content_matras\u00a0\u00bb]<div class=\"ult-spacer spacer-69f28a841e69f\" data-id=\"69f28a841e69f\" data-height=\"80\" data-height-mobile=\"20\" data-height-tab=\"\" data-height-tab-portrait=\"\" data-height-mobile-landscape=\"\" style=\"clear:both;display:block;\"><\/div>[vc_custom_heading text=\u00a0\u00bbMatelas\u00a0\u00bb font_container=\u00a0\u00bbtag:h1|font_size:37|text_align:center|color:%23003669|line_height:42px\u00a0\u00bb google_fonts=\u00a0\u00bbfont_family:Lato%3A100%2C100italic%2C300%2C300italic%2Cregular%2Citalic%2C700%2C700italic%2C900%2C900italic|font_style:400%20regular%3A400%3Anormal\u00a0\u00bb el_class=\u00a0\u00bbhomepage_title\u00a0\u00bb][vc_column_text el_class=\u00a0\u00bboverons_tekst tekst\u00a0\u00bb]Votre matelas d\u00e9termine en grande partie le soutien et le confort, et donc votre qualit\u00e9 de sommeil.<\/p>\n<p>Par cons\u00e9quent, il est pr\u00e9f\u00e9rable de faire le bon choix&#8230; Mais celui-ci varie en fonction des personnes, car nous sommes tous constitu\u00e9s diff\u00e9remment et nous avons tous nos pr\u00e9f\u00e9rences de confort.<\/p>\n<p>Tous les matelas Equilli ont \u00e9t\u00e9 con\u00e7us sur la base de recherches scientifiques de plusieurs ann\u00e9es. Les plus de 20 000 mesures que nous avons effectu\u00e9es au fil des ans nous apportent des connaissances uniques sur la constitution d\u2019un matelas ergonomique.[\/vc_column_text]<div class=\"ult-spacer spacer-69f28a841e6e4\" data-id=\"69f28a841e6e4\" data-height=\"100\" data-height-mobile=\"35\" data-height-tab=\"\" data-height-tab-portrait=\"\" data-height-mobile-landscape=\"\" style=\"clear:both;display:block;\"><\/div>[\/vc_column][\/vc_row][vc_row full_width=\u00a0\u00bbstretch_row_content_no_spaces\u00a0\u00bb equal_height=\u00a0\u00bbyes\u00a0\u00bb css=\u00a0\u00bb.vc_custom_1531225459474{background-color: #ffffff !important;}\u00a0\u00bb][vc_column width=\u00a0\u00bb1\/2&Prime; css=\u00a0\u00bb.vc_custom_1531225306847{padding-top: 5% !important;padding-right: 5% !important;padding-bottom: 5% !important;padding-left: 5% !important;background-color: #d6e6e0 !important;}\u00a0\u00bb][vc_row_inner][vc_column_inner el_class=\u00a0\u00bbproducten_left_clm\u00a0\u00bb width=\u00a0\u00bb1\/2&Prime;][vc_single_image image=\u00a0\u00bb4555&Prime; img_size=\u00a0\u00bbfull\u00a0\u00bb][\/vc_column_inner][vc_column_inner el_class=\u00a0\u00bbproducten_right_clm\u00a0\u00bb width=\u00a0\u00bb1\/2&Prime; css=\u00a0\u00bb.vc_custom_1532875349275{padding-left: 5% !important;}\u00a0\u00bb][vc_column_text]<\/p>\n<h3 class=\"title_margin\">Support Flex<\/h3>\n<p>Le matelas Support Flex est enti\u00e8rement personnalis\u00e9, mais aussi compl\u00e8tement modulable. C\u2019est le mod\u00e8le haut de gamme d\u2019Equilli pour un confort de sommeil parfait.[\/vc_column_text]<div class=\"ult-spacer spacer-69f28a841e729\" data-id=\"69f28a841e729\" data-height=\"20\" data-height-mobile=\"20\" data-height-tab=\"20\" data-height-tab-portrait=\"\" data-height-mobile-landscape=\"\" style=\"clear:both;display:block;\"><\/div>[vc_btn title=\u00a0\u00bbD\u00c9COUVREZ CE MATELAS\u00a0\u00bb align=\u00a0\u00bbleft\u00a0\u00bb link=\u00a0\u00bburl:https%3A%2F%2Fequilli.com%2Ffr%2Fmateriaux-design%2Fsupport-flex%2F|title:Support%20Flex||\u00a0\u00bb el_class=\u00a0\u00bbgreen_btn\u00a0\u00bb][\/vc_column_inner][\/vc_row_inner][\/vc_column][vc_column width=\u00a0\u00bb1\/2&Prime; css=\u00a0\u00bb.vc_custom_1531225147631{padding-top: 5% !important;padding-right: 5% !important;padding-bottom: 5% !important;padding-left: 5% !important;background-color: #f0f0f0 !important;}\u00a0\u00bb][vc_row_inner][vc_column_inner el_class=\u00a0\u00bbproducten_left_clm\u00a0\u00bb width=\u00a0\u00bb1\/2&Prime;][vc_single_image image=\u00a0\u00bb4558&Prime; img_size=\u00a0\u00bbfull\u00a0\u00bb][\/vc_column_inner][vc_column_inner el_class=\u00a0\u00bbproducten_right_clm\u00a0\u00bb width=\u00a0\u00bb1\/2&Prime; css=\u00a0\u00bb.vc_custom_1532875776025{padding-left: 5% !important;}\u00a0\u00bb][vc_column_text]<\/p>\n<h3 class=\"title_margin\">Support Plus<\/h3>\n<p>Le matelas Support Plus pr\u00e9voit une zone personnalis\u00e9e au niveau des \u00e9paules, mais aussi de la taille et du bassin. Celui-ci est enti\u00e8rement r\u00e9alis\u00e9 sur mesure gr\u00e2ce au Sleep Scan personnel.[\/vc_column_text]<div class=\"ult-spacer spacer-69f28a841e75d\" data-id=\"69f28a841e75d\" data-height=\"20\" data-height-mobile=\"20\" data-height-tab=\"20\" data-height-tab-portrait=\"\" data-height-mobile-landscape=\"\" style=\"clear:both;display:block;\"><\/div>[vc_btn title=\u00a0\u00bbD\u00c9COUVREZ CE MATELAS\u00a0\u00bb align=\u00a0\u00bbleft\u00a0\u00bb link=\u00a0\u00bburl:https%3A%2F%2Fequilli.com%2Ffr%2Fmateriaux-design%2Fsupport-plus%2F|title:Support%20%2B||\u00a0\u00bb el_class=\u00a0\u00bbgreen_btn\u00a0\u00bb][\/vc_column_inner][\/vc_row_inner][\/vc_column][\/vc_row][vc_row full_width=\u00a0\u00bbstretch_row_content_no_spaces\u00a0\u00bb css=\u00a0\u00bb.vc_custom_1531225324377{background-color: #ffffff !important;}\u00a0\u00bb][vc_column width=\u00a0\u00bb1\/2&Prime; css=\u00a0\u00bb.vc_custom_1531225335358{padding-top: 5% !important;padding-right: 5% !important;padding-bottom: 5% !important;padding-left: 5% !important;background-color: #faead0 !important;}\u00a0\u00bb][vc_row_inner][vc_column_inner el_class=\u00a0\u00bbproducten_left_clm\u00a0\u00bb width=\u00a0\u00bb1\/2&Prime;][vc_single_image image=\u00a0\u00bb4559&Prime; img_size=\u00a0\u00bbfull\u00a0\u00bb][\/vc_column_inner][vc_column_inner el_class=\u00a0\u00bbproducten_right_clm\u00a0\u00bb width=\u00a0\u00bb1\/2&Prime; css=\u00a0\u00bb.vc_custom_1532875805745{padding-left: 5% !important;}\u00a0\u00bb][vc_column_text]<\/p>\n<h3 class=\"title_margin\">Support<\/h3>\n<p>Le matelas Support est dot\u00e9 d\u2019une zone personnalis\u00e9e au niveau des \u00e9paules afin que celles-ci b\u00e9n\u00e9ficient d\u2019un espace suffisant. Le Sleep Scan personnel d\u00e9termine pour vous la meilleure fermet\u00e9 de la zone des \u00e9paules.[\/vc_column_text]<div class=\"ult-spacer spacer-69f28a841e77f\" data-id=\"69f28a841e77f\" data-height=\"20\" data-height-mobile=\"20\" data-height-tab=\"20\" data-height-tab-portrait=\"\" data-height-mobile-landscape=\"\" style=\"clear:both;display:block;\"><\/div>[vc_btn title=\u00a0\u00bbD\u00c9COUVREZ CE MATELAS\u00a0\u00bb align=\u00a0\u00bbleft\u00a0\u00bb link=\u00a0\u00bburl:https%3A%2F%2Fequilli.com%2Ffr%2Fmateriaux-design%2Fsupport%2F|title:Support||\u00a0\u00bb el_class=\u00a0\u00bbgreen_btn\u00a0\u00bb][\/vc_column_inner][\/vc_row_inner][\/vc_column][vc_column width=\u00a0\u00bb1\/2&Prime; css=\u00a0\u00bb.vc_custom_1536415444411{padding-top: 5% !important;padding-right: 5% !important;padding-bottom: 5% !important;padding-left: 5% !important;background-color: #ffffff !important;}\u00a0\u00bb][\/vc_column][\/vc_row][vc_row full_width=\u00a0\u00bbstretch_row\u00a0\u00bb][vc_column]<div class=\"ult-spacer spacer-69f28a841e799\" data-id=\"69f28a841e799\" data-height=\"35\" data-height-mobile=\"35\" data-height-tab=\"35\" data-height-tab-portrait=\"\" data-height-mobile-landscape=\"\" style=\"clear:both;display:block;\"><\/div>[vc_custom_heading text=\u00a0\u00bbLit double\u00a0\u00bb font_container=\u00a0\u00bbtag:h2|font_size:42|text_align:center|color:%23003669|line_height:42px\u00a0\u00bb google_fonts=\u00a0\u00bbfont_family:Lato%3A100%2C100italic%2C300%2C300italic%2Cregular%2Citalic%2C700%2C700italic%2C900%2C900italic|font_style:400%20regular%3A400%3Anormal\u00a0\u00bb el_class=\u00a0\u00bbhomepage_title\u00a0\u00bb][vc_column_text el_class=\u00a0\u00bboverons_tekst overons_dubbelbed_tekst tekst\u00a0\u00bb]<\/p>\n<p style=\"text-align: center;\">Un sommeil personnalis\u00e9 sur un double matelas ? Pas de probl\u00e8me ! Tous les matelas Equilli sont disponibles dans des dimensions pour une et deux personnes. Vous pouvez donc choisir deux matelas personnalis\u00e9s \u00e0 poser sur votre sommier r\u00e9glable ou deux noyaux de matelas personnalis\u00e9s dans un matelas deux personnes.<\/p>\n<p>[\/vc_column_text]<div class=\"ult-spacer spacer-69f28a841e7b0\" data-id=\"69f28a841e7b0\" data-height=\"20\" data-height-mobile=\"20\" data-height-tab=\"20\" data-height-tab-portrait=\"\" data-height-mobile-landscape=\"\" style=\"clear:both;display:block;\"><\/div>[vc_single_image image=\u00a0\u00bb1009&Prime; img_size=\u00a0\u00bbfull\u00a0\u00bb alignment=\u00a0\u00bbcenter\u00a0\u00bb]<div class=\"ult-spacer spacer-69f28a841e7c5\" data-id=\"69f28a841e7c5\" data-height=\"100\" data-height-mobile=\"100\" data-height-tab=\"100\" data-height-tab-portrait=\"\" data-height-mobile-landscape=\"\" style=\"clear:both;display:block;\"><\/div>[\/vc_column][\/vc_row][vc_row full_width=\u00a0\u00bbstretch_row\u00a0\u00bb el_id=\u00a0\u00bbvergelijking\u00a0\u00bb css=\u00a0\u00bb.vc_custom_1663242364740{background-color: #f0f0f0 !important;}\u00a0\u00bb][vc_column]<div class=\"ult-spacer spacer-69f28a841e7da\" data-id=\"69f28a841e7da\" data-height=\"50\" data-height-mobile=\"50\" data-height-tab=\"50\" data-height-tab-portrait=\"\" data-height-mobile-landscape=\"\" style=\"clear:both;display:block;\"><\/div>[vc_column_text]<\/p>\n<h2 class=\"homepage_title\">On compare?<\/h2>\n<p>[\/vc_column_text]<div class=\"ult-spacer spacer-69f28a841e7ee\" data-id=\"69f28a841e7ee\" data-height=\"65\" data-height-mobile=\"65\" data-height-tab=\"65\" data-height-tab-portrait=\"\" data-height-mobile-landscape=\"\" style=\"clear:both;display:block;\"><\/div>[vc_row_inner el_class=\u00a0\u00bboverons_vergelijking\u00a0\u00bb][vc_column_inner width=\u00a0\u00bb1\/3&Prime;]<div class=\"ult_pricing_table_wrap ult_design_5  ult-cs-black overons_vergelijking_matras1 \">\n\t\t\t\t\t<div class=\"ult_pricing_table \" style=\"\"><div id=\"price-table-wrap-7740\" class=\"ult_pricing_heading\" style=\"\">\n\t\t\t\t\t\t\t<h3 class=\"ult-responsive cust-headformat\"  data-ultimate-target='#price-table-wrap-7740 .cust-headformat'  data-responsive-json-new='{\"font-size\":\"\",\"line-height\":\"\"}'  style=\"font-weight:normal;\">Support<\/h3><\/div><!--ult_pricing_heading--><div class=\"ult_price_body_block\" style=\"\">\n\t\t\t\t\t\t\t<div class=\"ult_price_body\">\n\t\t\t\t\t\t\t\t<div id=\"price-table-wrap-6709\"  class=\"ult_price\">\n\t\t\t\t\t\t\t\t\t<span  data-ultimate-target='#price-table-wrap-6709 .ult_price_figure'  data-responsive-json-new='{\"font-size\":\"\",\"line-height\":\"\"}'  class=\"ult_price_figure ult-responsive\" style=\"font-weight:normal;\"><\/span>\n\t\t\t\t\t\t\t\t\t<span  data-ultimate-target='#price-table-wrap-6709 .ult_price_term'  data-responsive-json-new='{\"font-size\":\"\",\"line-height\":\"\"}'  class=\"ult_price_term ult-responsive\" style=\"font-weight:normal;\"><\/span>\n\t\t\t\t\t\t\t\t<\/div>\n\t\t\t\t\t\t\t<\/div>\n\t\t\t\t\t\t<\/div><!--ult_price_body_block--><div id=\"price-table-features-wrap-4255\" class=\"ult_price_features ult-responsive\"  data-ultimate-target='#price-table-features-wrap-4255'  data-responsive-json-new='{\"font-size\":\"\",\"line-height\":\"\"}'  style=\"font-weight:normal;\">\n\t\t\t\t\t\t\t<ul class=\"active\">\n<li class=\"oneven\">Sur la base du Sleep Scan personnel<\/li>\n<li class=\"even\">Zone personnalis\u00e9e au niveau des \u00e9paules<\/li>\n<li class=\"oneven\">Couche de confort au choix (ferme, souple ou r\u00e9ductrice de pression)<\/li>\n<\/ul>\n<ul class=\"inactive\">\n<li class=\"even\">Zone personnalis\u00e9e et interchangeable au niveau de la taille<\/li>\n<li class=\"oneven\">Zone personnalis\u00e9e et interchangeable au niveau du bassin<\/li>\n<li class=\"even\">Contrat de sommeil inclus<\/li>\n<\/ul>\n\n\t\t\t\t\t\t<\/div><!--ult_price_features--><div id=\"price-table-button-wrap-8324\" class=\"ult_price_link\">\n\t\t\t\t\t\t\t<a  data-ultimate-target='#price-table-button-wrap-8324 .ult_price_action_button'  data-responsive-json-new='{\"font-size\":\"\",\"line-height\":\"\"}'  href=\"https:\/\/equilli.com\/fr\/magasins\/\" target=\"\" class=\"ult_price_action_button ult-responsive\" style=\" font-weight:normal;\">Prenez rendez-vous<\/a>\n\t\t\t\t\t\t<\/div><!--ult_price_link--><div class=\"ult_clr\"><\/div>\n\t\t\t<\/div><!--pricing_table-->\n\t\t<\/div><!--pricing_table_wrap-->[\/vc_column_inner][vc_column_inner width=\u00a0\u00bb1\/3&Prime;]<div class=\"ult_pricing_table_wrap ult_design_5  ult-cs-black overons_vergelijking_matras3 \">\n\t\t\t\t\t<div class=\"ult_pricing_table \" style=\"\"><div id=\"price-table-wrap-3394\" class=\"ult_pricing_heading\" style=\"\">\n\t\t\t\t\t\t\t<h3 class=\"ult-responsive cust-headformat\"  data-ultimate-target='#price-table-wrap-3394 .cust-headformat'  data-responsive-json-new='{\"font-size\":\"\",\"line-height\":\"\"}'  style=\"font-weight:normal;\">Support +<\/h3><\/div><!--ult_pricing_heading--><div class=\"ult_price_body_block\" style=\"\">\n\t\t\t\t\t\t\t<div class=\"ult_price_body\">\n\t\t\t\t\t\t\t\t<div id=\"price-table-wrap-2570\"  class=\"ult_price\">\n\t\t\t\t\t\t\t\t\t<span  data-ultimate-target='#price-table-wrap-2570 .ult_price_figure'  data-responsive-json-new='{\"font-size\":\"\",\"line-height\":\"\"}'  class=\"ult_price_figure ult-responsive\" style=\"font-weight:normal;\"><\/span>\n\t\t\t\t\t\t\t\t\t<span  data-ultimate-target='#price-table-wrap-2570 .ult_price_term'  data-responsive-json-new='{\"font-size\":\"\",\"line-height\":\"\"}'  class=\"ult_price_term ult-responsive\" style=\"font-weight:normal;\"><\/span>\n\t\t\t\t\t\t\t\t<\/div>\n\t\t\t\t\t\t\t<\/div>\n\t\t\t\t\t\t<\/div><!--ult_price_body_block--><div id=\"price-table-features-wrap-3187\" class=\"ult_price_features ult-responsive\"  data-ultimate-target='#price-table-features-wrap-3187'  data-responsive-json-new='{\"font-size\":\"\",\"line-height\":\"\"}'  style=\"font-weight:normal;\">\n\t\t\t\t\t\t\t<ul class=\"active\">\n<li class=\"oneven\">Sur la base du Sleep Scan personnel<\/li>\n<li class=\"even\">Zone personnalis\u00e9e au niveau des \u00e9paules<\/li>\n<li class=\"oneven\">Couche de confort au choix (ferme, souple ou r\u00e9ductrice de pression)<\/li>\n<li class=\"even\">Zone personnalis\u00e9e au niveau de la taille<\/li>\n<li class=\"oneven\">Zone personnalis\u00e9e au niveau du bassin<\/li>\n<\/ul>\n<ul class=\"inactive\">\n<li class=\"even\">Contrat de sommeil inclus<\/li>\n<\/ul>\n\n\t\t\t\t\t\t<\/div><!--ult_price_features--><div id=\"price-table-button-wrap-8449\" class=\"ult_price_link\">\n\t\t\t\t\t\t\t<a  data-ultimate-target='#price-table-button-wrap-8449 .ult_price_action_button'  data-responsive-json-new='{\"font-size\":\"\",\"line-height\":\"\"}'  href=\"https:\/\/equilli.com\/fr\/magasins\/\" target=\"\" class=\"ult_price_action_button ult-responsive\" style=\" font-weight:normal;\">Prenez rendez-vous<\/a>\n\t\t\t\t\t\t<\/div><!--ult_price_link--><div class=\"ult_clr\"><\/div>\n\t\t\t<\/div><!--pricing_table-->\n\t\t<\/div><!--pricing_table_wrap-->[\/vc_column_inner][vc_column_inner width=\u00a0\u00bb1\/3&Prime;]<div class=\"ult_pricing_table_wrap ult_design_5  ult-cs-black overons_vergelijking_matras5 \">\n\t\t\t\t\t<div class=\"ult_pricing_table \" style=\"\"><div id=\"price-table-wrap-5216\" class=\"ult_pricing_heading\" style=\"\">\n\t\t\t\t\t\t\t<h3 class=\"ult-responsive cust-headformat\"  data-ultimate-target='#price-table-wrap-5216 .cust-headformat'  data-responsive-json-new='{\"font-size\":\"\",\"line-height\":\"\"}'  style=\"font-weight:normal;\">Support flex<\/h3><\/div><!--ult_pricing_heading--><div class=\"ult_price_body_block\" style=\"\">\n\t\t\t\t\t\t\t<div class=\"ult_price_body\">\n\t\t\t\t\t\t\t\t<div id=\"price-table-wrap-8378\"  class=\"ult_price\">\n\t\t\t\t\t\t\t\t\t<span  data-ultimate-target='#price-table-wrap-8378 .ult_price_figure'  data-responsive-json-new='{\"font-size\":\"\",\"line-height\":\"\"}'  class=\"ult_price_figure ult-responsive\" style=\"font-weight:normal;\"><\/span>\n\t\t\t\t\t\t\t\t\t<span  data-ultimate-target='#price-table-wrap-8378 .ult_price_term'  data-responsive-json-new='{\"font-size\":\"\",\"line-height\":\"\"}'  class=\"ult_price_term ult-responsive\" style=\"font-weight:normal;\"><\/span>\n\t\t\t\t\t\t\t\t<\/div>\n\t\t\t\t\t\t\t<\/div>\n\t\t\t\t\t\t<\/div><!--ult_price_body_block--><div id=\"price-table-features-wrap-7639\" class=\"ult_price_features ult-responsive\"  data-ultimate-target='#price-table-features-wrap-7639'  data-responsive-json-new='{\"font-size\":\"\",\"line-height\":\"\"}'  style=\"font-weight:normal;\">\n\t\t\t\t\t\t\t<ul class=\"active\">\n<li class=\"oneven\">Sur la base du Sleep Scan personnel<\/li>\n<li class=\"even\">Zone personnalis\u00e9e au niveau des \u00e9paules<\/li>\n<li class=\"oneven\">Couche de confort au choix (ferme, souple ou r\u00e9ductrice de pression)<\/li>\n<li class=\"even\">Zone personnalis\u00e9e au niveau de la taille<\/li>\n<li class=\"oneven\">Zone personnalis\u00e9e au niveau du bassin<\/li>\n<li class=\"even\">Contrat de sommeil inclus<\/li>\n<\/ul>\n\n\t\t\t\t\t\t<\/div><!--ult_price_features--><div id=\"price-table-button-wrap-7500\" class=\"ult_price_link\">\n\t\t\t\t\t\t\t<a  data-ultimate-target='#price-table-button-wrap-7500 .ult_price_action_button'  data-responsive-json-new='{\"font-size\":\"\",\"line-height\":\"\"}'  href=\"https:\/\/equilli.com\/fr\/magasins\/\" target=\"\" class=\"ult_price_action_button ult-responsive\" style=\" font-weight:normal;\">Prenez rendez-vous<\/a>\n\t\t\t\t\t\t<\/div><!--ult_price_link--><div class=\"ult_clr\"><\/div>\n\t\t\t<\/div><!--pricing_table-->\n\t\t<\/div><!--pricing_table_wrap-->[\/vc_column_inner][\/vc_row_inner]<div class=\"ult-spacer spacer-69f28a841ee7a\" data-id=\"69f28a841ee7a\" data-height=\"50\" data-height-mobile=\"50\" data-height-tab=\"50\" data-height-tab-portrait=\"\" data-height-mobile-landscape=\"\" style=\"clear:both;display:block;\"><\/div>[\/vc_column][\/vc_row][vc_row full_width=\u00a0\u00bbstretch_row\u00a0\u00bb css=\u00a0\u00bb.vc_custom_1531216180072{background-color: #ffffff !important;}\u00a0\u00bb][vc_column]<div class=\"ult-spacer spacer-69f28a841ee91\" data-id=\"69f28a841ee91\" data-height=\"50\" data-height-mobile=\"50\" data-height-tab=\"50\" data-height-tab-portrait=\"\" data-height-mobile-landscape=\"\" style=\"clear:both;display:block;\"><\/div>[vc_custom_heading text=\u00a0\u00bbIl y a toujours un magasin Equilli pr\u00e8s de chez vous\u00a0\u00bb font_container=\u00a0\u00bbtag:h2|font_size:42|text_align:center|color:%23003669|line_height:42px\u00a0\u00bb google_fonts=\u00a0\u00bbfont_family:Lato%3A100%2C100italic%2C300%2C300italic%2Cregular%2Citalic%2C700%2C700italic%2C900%2C900italic|font_style:400%20regular%3A400%3Anormal\u00a0\u00bb el_class=\u00a0\u00bbhomepage_title\u00a0\u00bb][vc_column_text el_class=\u00a0\u00bboverons_tekst overons_dubbelbed_tekst tekst\u00a0\u00bb]<\/p>\n<p style=\"text-align: center;\">Rendez-vous dans l\u2019un de nos magasins sans engagement ou sur rendez-vous. Tous les magasins sont \u00e9quip\u00e9s de la technologie de mesure Sleep Scan. Les conseillers Equilli ont suivi une formation approfondie sur l\u2019ergonomie du sommeil en g\u00e9n\u00e9ral et sur les produits Equilli en particulier afin de pouvoir vous fournir les conseils ad\u00e9quats.<\/p>\n<p>[\/vc_column_text]<div class=\"ult-spacer spacer-69f28a841eea5\" data-id=\"69f28a841eea5\" data-height=\"20\" data-height-mobile=\"20\" data-height-tab=\"20\" data-height-tab-portrait=\"\" data-height-mobile-landscape=\"\" style=\"clear:both;display:block;\"><\/div>[vc_row_inner gap=\u00a0\u00bb25&Prime;][vc_column_inner el_class=\u00a0\u00bbwinkels-form\u00a0\u00bb css=\u00a0\u00bb.vc_custom_1549386768813{padding-top: 50px !important;padding-bottom: 50px !important;background-color: #f0f0f0 !important;}\u00a0\u00bb][vc_raw_html el_class=\u00a0\u00bbwinkels-form\u00a0\u00bb]JTNDaW1nJTIwc3JjJTNEJTIyaHR0cHMlM0ElMkYlMkZlcXVpbGxpLmNvbSUyRndwLWNvbnRlbnQlMkZ1cGxvYWRzJTJGc3NmLXdwLXVwbG9hZHMlMkZpbWFnZXMlMkZpY29ucyUyRjIlMkZzdG9yZS1tYXJrZXIucG5nJTIyJTNFJTBBJTNDaDMlMjBjbGFzcyUzRCUyMnNlYXJjaGZvcm0tdGl0bGUlMjIlM0VUcm91dmV6JTIwdW4lMjBtYWdhc2luJTIwRXF1aWxsaSUyMHByJUMzJUE4cyUyMGRlJTIwY2hleiUyMHZvdXMlM0MlMkZoMyUzRSUwQSUzQ2g0JTIwY2xhc3MlM0QlMjJzZWFyY2hmb3JtLXN1YnRpdGxlJTIyJTNFRXQlMjBkJUMzJUE5Y291dnJleiUyMG5vdHJlJTIwc2NpZW5jZSUyMSUzQyUyRmg0JTNFJTBBJTNDZm9ybSUyMGFjdGlvbiUzRCUyMmh0dHBzJTNBJTJGJTJGZXF1aWxsaS5jb20lMkZmciUyRm1hZ2FzaW5zJTJGJTIyJTIwbWV0aG9kJTNEJTIyZ2V0JTIyJTNFJTNDaW5wdXQlMjBjbGFzcyUzRCUyMmZvcm0tY29udHJvbCUyMiUyMG5hbWUlM0QlMjJib3hzZWFyY2glMjIlMjB0eXBlJTNEJTIydGV4dCUyMiUyMHBsYWNlaG9sZGVyJTNEJTIyUmVjaGVyY2hlJTIwcGFyJTIwbG9jYWxpdCVDMyVBOSUyMiUyMCUyRiUzRSUyMCUzQ2J1dHRvbiUyMGNsYXNzJTNEJTIyZm9ybWJ0bi1kZWZhdWx0JTIyJTIwdHlwZSUzRCUyMnN1Ym1pdCUyMiUzRVJFQ0hFUkNIRSUzQyUyRmJ1dHRvbiUzRSUzQyUyRmZvcm0lM0U=[\/vc_raw_html][\/vc_column_inner][\/vc_row_inner]<div class=\"ult-spacer spacer-69f28a841eeb6\" data-id=\"69f28a841eeb6\" data-height=\"50\" data-height-mobile=\"50\" data-height-tab=\"50\" data-height-tab-portrait=\"\" data-height-mobile-landscape=\"\" style=\"clear:both;display:block;\"><\/div>[\/vc_column][\/vc_row][vc_row][vc_column][\/vc_column][\/vc_row]<\/p>\n<\/div>","protected":false},"excerpt":{"rendered":"<p>[vc_row full_width=\u00a0\u00bbstretch_row\u00a0\u00bb bg_type=\u00a0\u00bbimage\u00a0\u00bb bg_override=\u00a0\u00bbfull\u00a0\u00bb css=\u00a0\u00bb.vc_custom_1532950144225{background-image: url(https:\/\/equilli.com\/wp-content\/uploads\/2018\/07\/Matrassen_web4.jpg?id=4576) !important;background-position: 0 0 !important;background-repeat: no-repeat !important;}\u00a0\u00bb el_class=\u00a0\u00bbbg_intro\u00a0\u00bb][vc_column width=\u00a0\u00bb2\/3&Prime; el_class=\u00a0\u00bboverons_intro_content overons_intro_content_matras\u00a0\u00bb][\/vc_column][vc_column width=\u00a0\u00bb1\/3&Prime; el_class=\u00a0\u00bboverons_intro_content overons_intro_content_matras\u00a0\u00bb][vc_custom_heading text=\u00a0\u00bbMatelas\u00a0\u00bb font_container=\u00a0\u00bbtag:h1|font_size:37|text_align:center|color:%23003669|line_height:42px\u00a0\u00bb google_fonts=\u00a0\u00bbfont_family:Lato%3A100%2C100italic%2C300%2C300italic%2Cregular%2Citalic%2C700%2C700italic%2C900%2C900italic|font_style:400%20regular%3A400%3Anormal\u00a0\u00bb el_class=\u00a0\u00bbhomepage_title\u00a0\u00bb][vc_column_text el_class=\u00a0\u00bboverons_tekst tekst\u00a0\u00bb]Votre matelas d\u00e9termine en grande partie le soutien et le confort, et donc votre qualit\u00e9 de sommeil. Par cons\u00e9quent, il est pr\u00e9f\u00e9rable de faire le bon choix&#8230; Mais celui-ci varie en [&hellip;]<\/p>\n","protected":false},"author":2,"featured_media":0,"parent":1995,"menu_order":0,"comment_status":"closed","ping_status":"closed","template":"","meta":{"_acf_changed":false,"inline_featured_image":false,"footnotes":""},"class_list":["post-7039","page","type-page","status-publish","hentry"],"acf":[],"yoast_head":"<!-- This site is optimized with the Yoast SEO plugin v27.5 - https:\/\/yoast.com\/product\/yoast-seo-wordpress\/ -->\n<title>Matelas - Equilli<\/title>\n<meta name=\"robots\" content=\"index, follow, max-snippet:-1, max-image-preview:large, max-video-preview:-1\" \/>\n<link rel=\"canonical\" href=\"https:\/\/equilli.com\/fr\/materiaux-design\/matelas\/\" \/>\n<meta property=\"og:locale\" content=\"fr_FR\" \/>\n<meta property=\"og:type\" content=\"article\" \/>\n<meta property=\"og:title\" content=\"Matelas - Equilli\" \/>\n<meta property=\"og:description\" content=\"[vc_row full_width=\u00a0\u00bbstretch_row\u00a0\u00bb bg_type=\u00a0\u00bbimage\u00a0\u00bb bg_override=\u00a0\u00bbfull\u00a0\u00bb css=\u00a0\u00bb.vc_custom_1532950144225{background-image: url(https:\/\/equilli.com\/wp-content\/uploads\/2018\/07\/Matrassen_web4.jpg?id=4576) !important;background-position: 0 0 !important;background-repeat: no-repeat !important;}\u00a0\u00bb el_class=\u00a0\u00bbbg_intro\u00a0\u00bb][vc_column width=\u00a0\u00bb2\/3&Prime; el_class=\u00a0\u00bboverons_intro_content overons_intro_content_matras\u00a0\u00bb][\/vc_column][vc_column width=\u00a0\u00bb1\/3&Prime; el_class=\u00a0\u00bboverons_intro_content overons_intro_content_matras\u00a0\u00bb][vc_custom_heading text=\u00a0\u00bbMatelas\u00a0\u00bb font_container=\u00a0\u00bbtag:h1|font_size:37|text_align:center|color:%23003669|line_height:42px\u00a0\u00bb google_fonts=\u00a0\u00bbfont_family:Lato%3A100%2C100italic%2C300%2C300italic%2Cregular%2Citalic%2C700%2C700italic%2C900%2C900italic|font_style:400%20regular%3A400%3Anormal\u00a0\u00bb el_class=\u00a0\u00bbhomepage_title\u00a0\u00bb][vc_column_text el_class=\u00a0\u00bboverons_tekst tekst\u00a0\u00bb]Votre matelas d\u00e9termine en grande partie le soutien et le confort, et donc votre qualit\u00e9 de sommeil. Par cons\u00e9quent, il est pr\u00e9f\u00e9rable de faire le bon choix&#8230; Mais celui-ci varie en [&hellip;]\" \/>\n<meta property=\"og:url\" content=\"https:\/\/equilli.com\/fr\/materiaux-design\/matelas\/\" \/>\n<meta property=\"og:site_name\" content=\"Equilli\" \/>\n<meta property=\"article:publisher\" content=\"https:\/\/www.facebook.com\/EquilliSleep\" \/>\n<meta property=\"article:modified_time\" content=\"2022-10-24T08:34:43+00:00\" \/>\n<meta name=\"twitter:card\" content=\"summary_large_image\" \/>\n<meta name=\"twitter:site\" content=\"@SleepEquilli\" \/>\n<meta name=\"twitter:label1\" content=\"Dur\u00e9e de lecture est.\" \/>\n\t<meta name=\"twitter:data1\" content=\"4 minutes\" \/>\n<script type=\"application\/ld+json\" class=\"yoast-schema-graph\">{\"@context\":\"https:\\\/\\\/schema.org\",\"@graph\":[{\"@type\":\"WebPage\",\"@id\":\"https:\\\/\\\/equilli.com\\\/fr\\\/materiaux-design\\\/matelas\\\/\",\"url\":\"https:\\\/\\\/equilli.com\\\/fr\\\/materiaux-design\\\/matelas\\\/\",\"name\":\"Matelas - Equilli\",\"isPartOf\":{\"@id\":\"https:\\\/\\\/equilli.com\\\/be\\\/#website\"},\"datePublished\":\"2020-06-24T09:18:06+00:00\",\"dateModified\":\"2022-10-24T08:34:43+00:00\",\"breadcrumb\":{\"@id\":\"https:\\\/\\\/equilli.com\\\/fr\\\/materiaux-design\\\/matelas\\\/#breadcrumb\"},\"inLanguage\":\"fr-BE\",\"potentialAction\":[{\"@type\":\"ReadAction\",\"target\":[\"https:\\\/\\\/equilli.com\\\/fr\\\/materiaux-design\\\/matelas\\\/\"]}]},{\"@type\":\"BreadcrumbList\",\"@id\":\"https:\\\/\\\/equilli.com\\\/fr\\\/materiaux-design\\\/matelas\\\/#breadcrumb\",\"itemListElement\":[{\"@type\":\"ListItem\",\"position\":1,\"name\":\"Home\",\"item\":\"https:\\\/\\\/equilli.com\\\/fr\\\/\"},{\"@type\":\"ListItem\",\"position\":2,\"name\":\"Ergonomie sur mesure\",\"item\":\"https:\\\/\\\/equilli.com\\\/fr\\\/materiaux-design\\\/\"},{\"@type\":\"ListItem\",\"position\":3,\"name\":\"Matelas\"}]},{\"@type\":\"WebSite\",\"@id\":\"https:\\\/\\\/equilli.com\\\/be\\\/#website\",\"url\":\"https:\\\/\\\/equilli.com\\\/be\\\/\",\"name\":\"Equilli\",\"description\":\"\",\"publisher\":{\"@id\":\"https:\\\/\\\/equilli.com\\\/be\\\/#organization\"},\"potentialAction\":[{\"@type\":\"SearchAction\",\"target\":{\"@type\":\"EntryPoint\",\"urlTemplate\":\"https:\\\/\\\/equilli.com\\\/be\\\/?s={search_term_string}\"},\"query-input\":{\"@type\":\"PropertyValueSpecification\",\"valueRequired\":true,\"valueName\":\"search_term_string\"}}],\"inLanguage\":\"fr-BE\"},{\"@type\":\"Organization\",\"@id\":\"https:\\\/\\\/equilli.com\\\/be\\\/#organization\",\"name\":\"Equilli\",\"url\":\"https:\\\/\\\/equilli.com\\\/be\\\/\",\"logo\":{\"@type\":\"ImageObject\",\"inLanguage\":\"fr-BE\",\"@id\":\"https:\\\/\\\/equilli.com\\\/be\\\/#\\\/schema\\\/logo\\\/image\\\/\",\"url\":\"https:\\\/\\\/equilli.com\\\/wp-content\\\/uploads\\\/2016\\\/07\\\/logo_equilli_header.png\",\"contentUrl\":\"https:\\\/\\\/equilli.com\\\/wp-content\\\/uploads\\\/2016\\\/07\\\/logo_equilli_header.png\",\"width\":125,\"height\":33,\"caption\":\"Equilli\"},\"image\":{\"@id\":\"https:\\\/\\\/equilli.com\\\/be\\\/#\\\/schema\\\/logo\\\/image\\\/\"},\"sameAs\":[\"https:\\\/\\\/www.facebook.com\\\/EquilliSleep\",\"https:\\\/\\\/x.com\\\/SleepEquilli\",\"https:\\\/\\\/www.linkedin.com\\\/company\\\/equilli-nv\"]}]}<\/script>\n<!-- \/ Yoast SEO plugin. -->","yoast_head_json":{"title":"Matelas - Equilli","robots":{"index":"index","follow":"follow","max-snippet":"max-snippet:-1","max-image-preview":"max-image-preview:large","max-video-preview":"max-video-preview:-1"},"canonical":"https:\/\/equilli.com\/fr\/materiaux-design\/matelas\/","og_locale":"fr_FR","og_type":"article","og_title":"Matelas - Equilli","og_description":"[vc_row full_width=\u00a0\u00bbstretch_row\u00a0\u00bb bg_type=\u00a0\u00bbimage\u00a0\u00bb bg_override=\u00a0\u00bbfull\u00a0\u00bb css=\u00a0\u00bb.vc_custom_1532950144225{background-image: url(https:\/\/equilli.com\/wp-content\/uploads\/2018\/07\/Matrassen_web4.jpg?id=4576) !important;background-position: 0 0 !important;background-repeat: no-repeat !important;}\u00a0\u00bb el_class=\u00a0\u00bbbg_intro\u00a0\u00bb][vc_column width=\u00a0\u00bb2\/3&Prime; el_class=\u00a0\u00bboverons_intro_content overons_intro_content_matras\u00a0\u00bb][\/vc_column][vc_column width=\u00a0\u00bb1\/3&Prime; el_class=\u00a0\u00bboverons_intro_content overons_intro_content_matras\u00a0\u00bb][vc_custom_heading text=\u00a0\u00bbMatelas\u00a0\u00bb font_container=\u00a0\u00bbtag:h1|font_size:37|text_align:center|color:%23003669|line_height:42px\u00a0\u00bb google_fonts=\u00a0\u00bbfont_family:Lato%3A100%2C100italic%2C300%2C300italic%2Cregular%2Citalic%2C700%2C700italic%2C900%2C900italic|font_style:400%20regular%3A400%3Anormal\u00a0\u00bb el_class=\u00a0\u00bbhomepage_title\u00a0\u00bb][vc_column_text el_class=\u00a0\u00bboverons_tekst tekst\u00a0\u00bb]Votre matelas d\u00e9termine en grande partie le soutien et le confort, et donc votre qualit\u00e9 de sommeil. Par cons\u00e9quent, il est pr\u00e9f\u00e9rable de faire le bon choix&#8230; Mais celui-ci varie en [&hellip;]","og_url":"https:\/\/equilli.com\/fr\/materiaux-design\/matelas\/","og_site_name":"Equilli","article_publisher":"https:\/\/www.facebook.com\/EquilliSleep","article_modified_time":"2022-10-24T08:34:43+00:00","twitter_card":"summary_large_image","twitter_site":"@SleepEquilli","twitter_misc":{"Dur\u00e9e de lecture est.":"4 minutes"},"schema":{"@context":"https:\/\/schema.org","@graph":[{"@type":"WebPage","@id":"https:\/\/equilli.com\/fr\/materiaux-design\/matelas\/","url":"https:\/\/equilli.com\/fr\/materiaux-design\/matelas\/","name":"Matelas - Equilli","isPartOf":{"@id":"https:\/\/equilli.com\/be\/#website"},"datePublished":"2020-06-24T09:18:06+00:00","dateModified":"2022-10-24T08:34:43+00:00","breadcrumb":{"@id":"https:\/\/equilli.com\/fr\/materiaux-design\/matelas\/#breadcrumb"},"inLanguage":"fr-BE","potentialAction":[{"@type":"ReadAction","target":["https:\/\/equilli.com\/fr\/materiaux-design\/matelas\/"]}]},{"@type":"BreadcrumbList","@id":"https:\/\/equilli.com\/fr\/materiaux-design\/matelas\/#breadcrumb","itemListElement":[{"@type":"ListItem","position":1,"name":"Home","item":"https:\/\/equilli.com\/fr\/"},{"@type":"ListItem","position":2,"name":"Ergonomie sur mesure","item":"https:\/\/equilli.com\/fr\/materiaux-design\/"},{"@type":"ListItem","position":3,"name":"Matelas"}]},{"@type":"WebSite","@id":"https:\/\/equilli.com\/be\/#website","url":"https:\/\/equilli.com\/be\/","name":"Equilli","description":"","publisher":{"@id":"https:\/\/equilli.com\/be\/#organization"},"potentialAction":[{"@type":"SearchAction","target":{"@type":"EntryPoint","urlTemplate":"https:\/\/equilli.com\/be\/?s={search_term_string}"},"query-input":{"@type":"PropertyValueSpecification","valueRequired":true,"valueName":"search_term_string"}}],"inLanguage":"fr-BE"},{"@type":"Organization","@id":"https:\/\/equilli.com\/be\/#organization","name":"Equilli","url":"https:\/\/equilli.com\/be\/","logo":{"@type":"ImageObject","inLanguage":"fr-BE","@id":"https:\/\/equilli.com\/be\/#\/schema\/logo\/image\/","url":"https:\/\/equilli.com\/wp-content\/uploads\/2016\/07\/logo_equilli_header.png","contentUrl":"https:\/\/equilli.com\/wp-content\/uploads\/2016\/07\/logo_equilli_header.png","width":125,"height":33,"caption":"Equilli"},"image":{"@id":"https:\/\/equilli.com\/be\/#\/schema\/logo\/image\/"},"sameAs":["https:\/\/www.facebook.com\/EquilliSleep","https:\/\/x.com\/SleepEquilli","https:\/\/www.linkedin.com\/company\/equilli-nv"]}]}},"_links":{"self":[{"href":"https:\/\/equilli.com\/fr\/wp-json\/wp\/v2\/pages\/7039","targetHints":{"allow":["GET"]}}],"collection":[{"href":"https:\/\/equilli.com\/fr\/wp-json\/wp\/v2\/pages"}],"about":[{"href":"https:\/\/equilli.com\/fr\/wp-json\/wp\/v2\/types\/page"}],"author":[{"embeddable":true,"href":"https:\/\/equilli.com\/fr\/wp-json\/wp\/v2\/users\/2"}],"replies":[{"embeddable":true,"href":"https:\/\/equilli.com\/fr\/wp-json\/wp\/v2\/comments?post=7039"}],"version-history":[{"count":15,"href":"https:\/\/equilli.com\/fr\/wp-json\/wp\/v2\/pages\/7039\/revisions"}],"predecessor-version":[{"id":11194,"href":"https:\/\/equilli.com\/fr\/wp-json\/wp\/v2\/pages\/7039\/revisions\/11194"}],"up":[{"embeddable":true,"href":"https:\/\/equilli.com\/fr\/wp-json\/wp\/v2\/pages\/1995"}],"wp:attachment":[{"href":"https:\/\/equilli.com\/fr\/wp-json\/wp\/v2\/media?parent=7039"}],"curies":[{"name":"wp","href":"https:\/\/api.w.org\/{rel}","templated":true}]}}